{"id":7479,"date":"2024-10-10T16:42:10","date_gmt":"2024-10-10T14:42:10","guid":{"rendered":"https:\/\/my-swiss-company.com\/?post_type=project&#038;p=7479"},"modified":"2025-11-04T14:27:58","modified_gmt":"2025-11-04T13:27:58","slug":"approach-people-recruitment-sa","status":"publish","type":"project","link":"https:\/\/my-swiss-company.com\/es\/case-studies\/approach-people-recruitment-sa\/","title":{"rendered":"Approach People Recruitment SA"},"content":{"rendered":"<p>[et_pb_section fb_built=&#8221;1&#8243; module_class=&#8221;votre-section quadrillage-blanc&#8221; _builder_version=&#8221;4.27.2&#8243; _module_preset=&#8221;default&#8221; background_enable_color=&#8221;off&#8221; use_background_color_gradient=&#8221;on&#8221; background_color_gradient_stops=&#8221;rgba(0,0,0,0.81) 0%|rgba(0,0,0,0.21) 99%&#8221; background_color_gradient_overlays_image=&#8221;on&#8221; background_image=&#8221;https:\/\/my-swiss-company.com\/wp-content\/uploads\/2024\/10\/image-1-7-min-scaled.jpg&#8221; background_enable_video_mp4=&#8221;off&#8221; custom_margin=&#8221;||||false|false&#8221; custom_css_main_element=&#8221;width: 100vw;||height: 100vh;||&#8221; custom_css_free_form=&#8221;@media (min-width: 1200px) {||  .quadrillage-blanc {||      position: relative; \/* Position relative pour le parent *\/||      overflow: hidden; \/* \u00c9vite les d\u00e9bordements *\/||  }||||  \/* Ligne gauche *\/||  .quadrillage-blanc::after {||      content: %22%22;||      position: absolute;||      top: 0;||      bottom: 0;||      left: 100px; \/* Position de la ligne gauche *\/||      width: 1px;||      background-color: white; \/* Couleur de la ligne gauche *\/||      z-index: 2; \/* Au-dessus du contenu de la section *\/||  }||||  \/* Ligne droite *\/||  .quadrillage-blanc::before {||      content: %22%22;||      position: absolute;||      top: 0;||      bottom: 0;||      right: 100px; \/* Position de la ligne droite *\/||      width: 1px;||      background-color: white; \/* Couleur de la ligne droite *\/||      z-index: 2; \/* Au-dessus du contenu de la section *\/||  }||}||||||.votre-section {||    display: flex; \/* Active Flexbox pour la section *\/||    flex-direction: column; \/* Aligne les \u00e9l\u00e9ments en colonne *\/||    justify-content: flex-end; \/* Positionne les \u00e9l\u00e9ments \u00e0 la fin *\/||    padding-bottom: 100px; \/* Marge de 100px \u00e0 partir du bas de la section *\/||}&#8221; locked=&#8221;off&#8221; global_colors_info=&#8221;{}&#8221; custom_css_main_element_last_edited=&#8221;on|phone&#8221; custom_css_main_element_phone=&#8221;height:auto;||width:auto;||position:relative;&#8221; custom_css_main_element_tablet=&#8221;    object-fit: cover;||    width: 100vw;||    height: 100vh;||    position: absolute;||    top: 0;||    left: 0;&#8221;][et_pb_row _builder_version=&#8221;4.27.2&#8243; _module_preset=&#8221;default&#8221; custom_margin=&#8221;|auto|-8px|auto||&#8221; custom_margin_tablet=&#8221;30vh||||false|false&#8221; custom_margin_phone=&#8221;0vh||||false|false&#8221; custom_margin_last_edited=&#8221;on|phone&#8221; global_colors_info=&#8221;{}&#8221;][et_pb_column type=&#8221;4_4&#8243; _builder_version=&#8221;4.27.2&#8243; _module_preset=&#8221;default&#8221; global_colors_info=&#8221;{}&#8221;][et_pb_text _builder_version=&#8221;4.27.2&#8243; _module_preset=&#8221;default&#8221; text_text_color=&#8221;#FFFFFF&#8221; text_font_size=&#8221;20px&#8221; header_text_color=&#8221;#FFFFFF&#8221; header_font_size=&#8221;68px&#8221; header_font_size_tablet=&#8221;46px&#8221; header_font_size_phone=&#8221;46px&#8221; header_font_size_last_edited=&#8221;on|desktop&#8221; global_colors_info=&#8221;{}&#8221;]<\/p>\n<h1>Approach People Recruitment SA<\/h1>\n<p>[\/et_pb_text][et_pb_text _builder_version=&#8221;4.27.3&#8243; _module_preset=&#8221;default&#8221; text_text_color=&#8221;#FFFFFF&#8221; text_font_size=&#8221;20px&#8221; header_text_color=&#8221;#FFFFFF&#8221; header_font_size=&#8221;68px&#8221; header_font_size_tablet=&#8221;46px&#8221; header_font_size_phone=&#8221;46px&#8221; header_font_size_last_edited=&#8221;on|desktop&#8221; global_colors_info=&#8221;{}&#8221;]<\/p>\n<p class=\"p1\">ESTUDIO DE CASO:\u00a0Creaci\u00f3n de una Filial (SA\/AG) en Suiza y Mandato Administrativo y Contable Integral.<\/p>\n<p>[\/et_pb_text][\/et_pb_column][\/et_pb_row][\/et_pb_section][et_pb_section fb_built=&#8221;1&#8243; _builder_version=&#8221;4.27.2&#8243; _module_preset=&#8221;default&#8221; background_color=&#8221;#131313&#8243; locked=&#8221;off&#8221; global_colors_info=&#8221;{}&#8221;][et_pb_row _builder_version=&#8221;4.27.2&#8243; _module_preset=&#8221;default&#8221; global_colors_info=&#8221;{}&#8221;][et_pb_column type=&#8221;4_4&#8243; _builder_version=&#8221;4.27.2&#8243; _module_preset=&#8221;default&#8221; global_colors_info=&#8221;{}&#8221;][et_pb_text _builder_version=&#8221;4.27.3&#8243; _module_preset=&#8221;default&#8221; header_2_text_color=&#8221;#FFFFFF&#8221; header_2_font_size=&#8221;30px&#8221; global_colors_info=&#8221;{}&#8221;]<\/p>\n<h2>Alcance del Proyecto<\/h2>\n<p>[\/et_pb_text][et_pb_text _builder_version=&#8221;4.27.3&#8243; _module_preset=&#8221;default&#8221; text_text_color=&#8221;#FFFFFF&#8221; global_colors_info=&#8221;{}&#8221;]<\/p>\n<p class=\"p1\">Mandato administrativo integral para permitir al empresario establecer una presencia en Suiza.<\/p>\n<p>[\/et_pb_text][\/et_pb_column][\/et_pb_row][et_pb_row column_structure=&#8221;1_4,1_4,1_4,1_4&#8243; use_custom_gutter=&#8221;on&#8221; gutter_width=&#8221;2&#8243; make_equal=&#8221;on&#8221; _builder_version=&#8221;4.27.2&#8243; _module_preset=&#8221;default&#8221; global_colors_info=&#8221;{}&#8221;][et_pb_column type=&#8221;1_4&#8243; _builder_version=&#8221;4.27.2&#8243; _module_preset=&#8221;default&#8221; background_color=&#8221;#D52B1E&#8221; custom_padding=&#8221;40px|20px|40px|20px|true|true&#8221; global_colors_info=&#8221;{}&#8221;][et_pb_blurb title=&#8221;SOLUCI\u00d3N DE ASISTENCIA INTEGRAL&#8221; use_icon=&#8221;on&#8221; _builder_version=&#8221;4.27.3&#8243; _module_preset=&#8221;default&#8221; header_level=&#8221;h3&#8243; header_text_align=&#8221;center&#8221; header_text_color=&#8221;#FFFFFF&#8221; body_text_align=&#8221;center&#8221; body_text_color=&#8221;#FFFFFF&#8221; global_colors_info=&#8221;{}&#8221;]<\/p>\n<p class=\"p1\">Servicio de constituci\u00f3n de empresa, permisos de trabajo y mandato administrativo integral<\/p>\n<p>[\/et_pb_blurb][\/et_pb_column][et_pb_column type=&#8221;1_4&#8243; _builder_version=&#8221;4.27.2&#8243; _module_preset=&#8221;default&#8221; background_color=&#8221;#D52B1E&#8221; custom_padding=&#8221;40px|20px|40px|20px|true|true&#8221; global_colors_info=&#8221;{}&#8221;][et_pb_blurb title=&#8221;DIRECTOR LOCAL&#8221; use_icon=&#8221;on&#8221; _builder_version=&#8221;4.27.3&#8243; _module_preset=&#8221;default&#8221; header_level=&#8221;h3&#8243; header_text_align=&#8221;center&#8221; header_text_color=&#8221;#FFFFFF&#8221; body_text_align=&#8221;center&#8221; body_text_color=&#8221;#FFFFFF&#8221; locked=&#8221;off&#8221; global_colors_info=&#8221;{}&#8221;]<\/p>\n<p class=\"p1\">Servicios de director suizo<\/p>\n<p>[\/et_pb_blurb][\/et_pb_column][et_pb_column type=&#8221;1_4&#8243; _builder_version=&#8221;4.27.2&#8243; _module_preset=&#8221;default&#8221; background_color=&#8221;#D52B1E&#8221; custom_padding=&#8221;40px|20px|40px|20px|true|true&#8221; global_colors_info=&#8221;{}&#8221;][et_pb_blurb title=&#8221;DOMICILIACI\u00d3N&#8221; use_icon=&#8221;on&#8221; _builder_version=&#8221;4.27.3&#8243; _module_preset=&#8221;default&#8221; header_level=&#8221;h3&#8243; header_text_align=&#8221;center&#8221; header_text_color=&#8221;#FFFFFF&#8221; body_text_align=&#8221;center&#8221; body_text_color=&#8221;#FFFFFF&#8221; locked=&#8221;off&#8221; global_colors_info=&#8221;{}&#8221;]<\/p>\n<p class=\"p1\">Servicios de direcci\u00f3n registrada<\/p>\n<p>[\/et_pb_blurb][\/et_pb_column][et_pb_column type=&#8221;1_4&#8243; _builder_version=&#8221;4.27.2&#8243; _module_preset=&#8221;default&#8221; background_color=&#8221;#D52B1E&#8221; custom_padding=&#8221;40px|20px|40px|20px|true|true&#8221; global_colors_info=&#8221;{}&#8221;][et_pb_blurb title=&#8221;ADMINISTRACI\u00d3N&#8221; use_icon=&#8221;on&#8221; _builder_version=&#8221;4.27.3&#8243; _module_preset=&#8221;default&#8221; header_level=&#8221;h3&#8243; header_text_align=&#8221;center&#8221; header_text_color=&#8221;#FFFFFF&#8221; body_text_align=&#8221;center&#8221; body_text_color=&#8221;#FFFFFF&#8221; locked=&#8221;off&#8221; global_colors_info=&#8221;{}&#8221;]<\/p>\n<p class=\"p1\">IVA, Contabilidad, N\u00f3mina<\/p>\n<p>[\/et_pb_blurb][\/et_pb_column][\/et_pb_row][\/et_pb_section][et_pb_section fb_built=&#8221;1&#8243; _builder_version=&#8221;4.27.2&#8243; _module_preset=&#8221;default&#8221; locked=&#8221;off&#8221; global_colors_info=&#8221;{}&#8221;][et_pb_row _builder_version=&#8221;4.27.2&#8243; _module_preset=&#8221;default&#8221; global_colors_info=&#8221;{}&#8221;][et_pb_column type=&#8221;4_4&#8243; _builder_version=&#8221;4.27.2&#8243; _module_preset=&#8221;default&#8221; global_colors_info=&#8221;{}&#8221;][et_pb_text _builder_version=&#8221;4.27.3&#8243; _module_preset=&#8221;default&#8221; global_colors_info=&#8221;{}&#8221;]<\/p>\n<h2>C\u00f3mo un Empresario Extranjero se Benefici\u00f3 de Nuestra Experiencia para Crear una Filial en Ginebra<\/h2>\n<p>[\/et_pb_text][\/et_pb_column][\/et_pb_row][et_pb_row _builder_version=&#8221;4.27.2&#8243; _module_preset=&#8221;default&#8221; custom_margin=&#8221;0px||||false|false&#8221; custom_padding=&#8221;0px||||false|false&#8221; global_colors_info=&#8221;{}&#8221;][et_pb_column type=&#8221;4_4&#8243; _builder_version=&#8221;4.27.2&#8243; _module_preset=&#8221;default&#8221; global_colors_info=&#8221;{}&#8221;][et_pb_text _builder_version=&#8221;4.27.3&#8243; _module_preset=&#8221;default&#8221; global_colors_info=&#8221;{}&#8221;]<\/p>\n<p class=\"p1\">\u201cConsultamos con los accionistas de la empresa matriz y sus asesores. Se opt\u00f3 por la soluci\u00f3n de una filial en forma de sociedad an\u00f3nima (SA\/AG), que inclu\u00eda un servicio de domiciliaci\u00f3n hasta que aseguraran sus propias oficinas, un servicio de director residente en Suiza y un mandato de gesti\u00f3n administrativa integral que abarcaba el procesamiento de correspondencia, contabilidad\/IVA, solicitudes de permisos de trabajo, servicios de n\u00f3mina y servicios fiscales.\u201d<\/p>\n<p class=\"p1\"><b>Andr\u00e9s Taracido<\/b><br \/>Director, My Swiss Company SA<\/p>\n<h3 class=\"p2\"><b>Resumen<\/b><\/h3>\n<p class=\"p1\">La empresa matriz en Irlanda ya hab\u00eda establecido filiales en Francia, Espa\u00f1a y Alemania. Con la r\u00e1pida expansi\u00f3n de su base de clientes en Suiza, se volvi\u00f3 urgente establecer una filial local.<\/p>\n<p class=\"p1\">Nuestra firma de servicios corporativos, My Swiss Company SA, asesor\u00f3 al cliente en la constituci\u00f3n de su SA\/AG en Ginebra y Lucerna. Ofrecimos un servicio de domiciliaci\u00f3n, servicios de director suizo y un mandato de agencia de servicios administrativos que cubr\u00eda permisos de trabajo, procesamiento integral de correspondencia corporativa, contabilidad y fiscalidad. Asistimos a nuestro cliente durante todo el proceso para obtener las autorizaciones cantonales y federales necesarias para la prestaci\u00f3n de servicios en Suiza.<\/p>\n<p>[\/et_pb_text][\/et_pb_column][\/et_pb_row][\/et_pb_section][et_pb_section fb_built=&#8221;1&#8243; _builder_version=&#8221;4.27.2&#8243; _module_preset=&#8221;default&#8221; background_color=&#8221;#131313&#8243; locked=&#8221;off&#8221; global_colors_info=&#8221;{}&#8221;][et_pb_row _builder_version=&#8221;4.27.2&#8243; _module_preset=&#8221;default&#8221; global_colors_info=&#8221;{}&#8221;][et_pb_column type=&#8221;4_4&#8243; _builder_version=&#8221;4.27.2&#8243; _module_preset=&#8221;default&#8221; global_colors_info=&#8221;{}&#8221;][et_pb_text _builder_version=&#8221;4.27.3&#8243; _module_preset=&#8221;default&#8221; header_2_text_color=&#8221;#FFFFFF&#8221; header_2_font_size=&#8221;30px&#8221; global_colors_info=&#8221;{}&#8221;]<\/p>\n<h2>Proceso de Constituci\u00f3n de la Empresa<\/h2>\n<p>[\/et_pb_text][\/et_pb_column][\/et_pb_row][et_pb_row column_structure=&#8221;1_3,1_3,1_3&#8243; use_custom_gutter=&#8221;on&#8221; gutter_width=&#8221;2&#8243; make_equal=&#8221;on&#8221; _builder_version=&#8221;4.27.2&#8243; _module_preset=&#8221;default&#8221; global_colors_info=&#8221;{}&#8221;][et_pb_column type=&#8221;1_3&#8243; _builder_version=&#8221;4.27.2&#8243; _module_preset=&#8221;default&#8221; background_color=&#8221;#D52B1E&#8221; custom_padding=&#8221;40px|20px|40px|20px|true|true&#8221; global_colors_info=&#8221;{}&#8221;][et_pb_blurb title=&#8221;1&#8243; use_icon=&#8221;on&#8221; _builder_version=&#8221;4.27.3&#8243; _module_preset=&#8221;default&#8221; header_level=&#8221;h3&#8243; header_text_align=&#8221;center&#8221; header_text_color=&#8221;#FFFFFF&#8221; header_font_size=&#8221;46px&#8221; body_text_align=&#8221;center&#8221; body_text_color=&#8221;#FFFFFF&#8221; header_text_shadow_style=&#8221;preset1&#8243; global_colors_info=&#8221;{}&#8221;]<\/p>\n<p><b>An\u00e1lisis del Negocio:<\/b>\u00a0Evaluaci\u00f3n del negocio, asesor\u00eda sobre los estatutos de la empresa, trabajo preparatorio para la constituci\u00f3n y apertura de la cuenta de capital bloqueado.<\/p>\n<p>[\/et_pb_blurb][\/et_pb_column][et_pb_column type=&#8221;1_3&#8243; _builder_version=&#8221;4.27.2&#8243; _module_preset=&#8221;default&#8221; background_color=&#8221;#D52B1E&#8221; custom_padding=&#8221;40px|20px|40px|20px|true|true&#8221; global_colors_info=&#8221;{}&#8221;][et_pb_blurb title=&#8221;2&#8243; use_icon=&#8221;on&#8221; _builder_version=&#8221;4.27.3&#8243; _module_preset=&#8221;default&#8221; header_level=&#8221;h3&#8243; header_text_align=&#8221;center&#8221; header_text_color=&#8221;#FFFFFF&#8221; header_font_size=&#8221;46px&#8221; body_text_align=&#8221;center&#8221; body_text_color=&#8221;#FFFFFF&#8221; header_text_shadow_style=&#8221;preset1&#8243; locked=&#8221;off&#8221; global_colors_info=&#8221;{}&#8221;]<\/p>\n<p><b>Firma de Documentos:<\/b>\u00a0Firma de documentos de constituci\u00f3n y legalizaci\u00f3n de firmas de los directores.<\/p>\n<p>[\/et_pb_blurb][\/et_pb_column][et_pb_column type=&#8221;1_3&#8243; _builder_version=&#8221;4.27.2&#8243; _module_preset=&#8221;default&#8221; background_color=&#8221;#D52B1E&#8221; custom_padding=&#8221;40px|20px|40px|20px|true|true&#8221; global_colors_info=&#8221;{}&#8221;][et_pb_blurb title=&#8221;3&#8243; use_icon=&#8221;on&#8221; _builder_version=&#8221;4.27.3&#8243; _module_preset=&#8221;default&#8221; header_level=&#8221;h3&#8243; header_text_align=&#8221;center&#8221; header_text_color=&#8221;#FFFFFF&#8221; header_font_size=&#8221;46px&#8221; body_text_align=&#8221;center&#8221; body_text_color=&#8221;#FFFFFF&#8221; header_text_shadow_style=&#8221;preset1&#8243; locked=&#8221;off&#8221; global_colors_info=&#8221;{}&#8221;]<\/p>\n<p><b>Formalizaci\u00f3n Legal:<\/b>\u00a0Preparaci\u00f3n de la escritura notarial y presentaci\u00f3n de documentos en el Registro Mercantil.<\/p>\n<p>[\/et_pb_blurb][\/et_pb_column][\/et_pb_row][\/et_pb_section][et_pb_section fb_built=&#8221;1&#8243; _builder_version=&#8221;4.27.2&#8243; _module_preset=&#8221;default&#8221; locked=&#8221;off&#8221; global_colors_info=&#8221;{}&#8221;][et_pb_row _builder_version=&#8221;4.27.2&#8243; _module_preset=&#8221;default&#8221; global_colors_info=&#8221;{}&#8221;][et_pb_column type=&#8221;4_4&#8243; _builder_version=&#8221;4.27.2&#8243; _module_preset=&#8221;default&#8221; global_colors_info=&#8221;{}&#8221;][et_pb_text _builder_version=&#8221;4.27.3&#8243; _module_preset=&#8221;default&#8221; global_colors_info=&#8221;{}&#8221;]<\/p>\n<h2>Soluci\u00f3n de Asistencia Integral<\/h2>\n<p>[\/et_pb_text][\/et_pb_column][\/et_pb_row][et_pb_row column_structure=&#8221;1_2,1_2&#8243; _builder_version=&#8221;4.27.2&#8243; _module_preset=&#8221;default&#8221; global_colors_info=&#8221;{}&#8221;][et_pb_column type=&#8221;1_2&#8243; _builder_version=&#8221;4.27.2&#8243; _module_preset=&#8221;default&#8221; global_colors_info=&#8221;{}&#8221;][et_pb_text _builder_version=&#8221;4.27.3&#8243; _module_preset=&#8221;default&#8221; global_colors_info=&#8221;{}&#8221;]<\/p>\n<p class=\"p1\"><b>Servicio de Constituci\u00f3n de Empresa y Permisos de Trabajo:<br \/><\/b><br \/>An\u00e1lisis de la actividad empresarial, asesor\u00eda legal, constituci\u00f3n de la sociedad an\u00f3nima (SA) en Ginebra y permisos de trabajo en Suiza.<\/p>\n<p>[\/et_pb_text][\/et_pb_column][et_pb_column type=&#8221;1_2&#8243; _builder_version=&#8221;4.27.2&#8243; _module_preset=&#8221;default&#8221; global_colors_info=&#8221;{}&#8221;][et_pb_text _builder_version=&#8221;4.27.3&#8243; _module_preset=&#8221;default&#8221; locked=&#8221;off&#8221; global_colors_info=&#8221;{}&#8221;]<\/p>\n<p class=\"p1\"><b>Mandato Administrativo Integral:<\/b><\/p>\n<p>Servicio de domiciliaci\u00f3n de empresas, mandato de director residente en Suiza, IVA, permisos de trabajo, n\u00f3minas, contabilidad, impuestos y registro de IVA.<\/p>\n<p>[\/et_pb_text][\/et_pb_column][\/et_pb_row][\/et_pb_section][et_pb_section fb_built=&#8221;1&#8243; _builder_version=&#8221;4.27.2&#8243; _module_preset=&#8221;default&#8221; background_color=&#8221;#131313&#8243; locked=&#8221;off&#8221; global_colors_info=&#8221;{}&#8221;][et_pb_row _builder_version=&#8221;4.27.2&#8243; _module_preset=&#8221;default&#8221; global_colors_info=&#8221;{}&#8221;][et_pb_column type=&#8221;4_4&#8243; _builder_version=&#8221;4.27.2&#8243; _module_preset=&#8221;default&#8221; global_colors_info=&#8221;{}&#8221;][et_pb_text _builder_version=&#8221;4.27.3&#8243; _module_preset=&#8221;default&#8221; header_2_text_color=&#8221;#FFFFFF&#8221; header_2_font_size=&#8221;30px&#8221; global_colors_info=&#8221;{}&#8221;]<\/p>\n<h2>Resultados de My Swiss Company SA:<\/h2>\n<p>[\/et_pb_text][\/et_pb_column][\/et_pb_row][et_pb_row column_structure=&#8221;1_3,1_3,1_3&#8243; use_custom_gutter=&#8221;on&#8221; gutter_width=&#8221;2&#8243; make_equal=&#8221;on&#8221; _builder_version=&#8221;4.27.2&#8243; _module_preset=&#8221;default&#8221; global_colors_info=&#8221;{}&#8221;][et_pb_column type=&#8221;1_3&#8243; _builder_version=&#8221;4.27.2&#8243; _module_preset=&#8221;default&#8221; background_color=&#8221;#D52B1E&#8221; custom_padding=&#8221;40px|20px|40px|20px|true|true&#8221; global_colors_info=&#8221;{}&#8221;][et_pb_blurb title=&#8221;100 %&#8221; use_icon=&#8221;on&#8221; _builder_version=&#8221;4.27.3&#8243; _module_preset=&#8221;default&#8221; header_level=&#8221;h3&#8243; header_text_align=&#8221;center&#8221; header_text_color=&#8221;#FFFFFF&#8221; header_font_size=&#8221;46px&#8221; body_text_align=&#8221;center&#8221; body_text_color=&#8221;#FFFFFF&#8221; header_text_shadow_style=&#8221;preset1&#8243; global_colors_info=&#8221;{}&#8221;]<\/p>\n<p><span class=\"s1\"><\/span>Tasa de \u00e9xito en la constituci\u00f3n de la empresa dentro de los plazos establecidos<\/p>\n<p>[\/et_pb_blurb][\/et_pb_column][et_pb_column type=&#8221;1_3&#8243; _builder_version=&#8221;4.27.2&#8243; _module_preset=&#8221;default&#8221; background_color=&#8221;#D52B1E&#8221; custom_padding=&#8221;40px|20px|40px|20px|true|true&#8221; global_colors_info=&#8221;{}&#8221;][et_pb_blurb title=&#8221;100 %&#8221; use_icon=&#8221;on&#8221; _builder_version=&#8221;4.27.3&#8243; _module_preset=&#8221;default&#8221; header_level=&#8221;h3&#8243; header_text_align=&#8221;center&#8221; header_text_color=&#8221;#FFFFFF&#8221; header_font_size=&#8221;46px&#8221; body_text_align=&#8221;center&#8221; body_text_color=&#8221;#FFFFFF&#8221; header_text_shadow_style=&#8221;preset1&#8243; locked=&#8221;off&#8221; global_colors_info=&#8221;{}&#8221;]<\/p>\n<p><span class=\"s1\"><\/span>Tasa de \u00e9xito en la obtenci\u00f3n de permisos de trabajo dentro de los plazos requeridos<\/p>\n<p>[\/et_pb_blurb][\/et_pb_column][et_pb_column type=&#8221;1_3&#8243; _builder_version=&#8221;4.27.2&#8243; _module_preset=&#8221;default&#8221; background_color=&#8221;#D52B1E&#8221; custom_padding=&#8221;40px|20px|40px|20px|true|true&#8221; global_colors_info=&#8221;{}&#8221;][et_pb_blurb title=&#8221;100 %&#8221; use_icon=&#8221;on&#8221; _builder_version=&#8221;4.27.3&#8243; _module_preset=&#8221;default&#8221; header_level=&#8221;h3&#8243; header_text_align=&#8221;center&#8221; header_text_color=&#8221;#FFFFFF&#8221; header_font_size=&#8221;46px&#8221; body_text_align=&#8221;center&#8221; body_text_color=&#8221;#FFFFFF&#8221; header_text_shadow_style=&#8221;preset1&#8243; locked=&#8221;off&#8221; global_colors_info=&#8221;{}&#8221;]<\/p>\n<p><span class=\"s1\"><\/span>Tasa de \u00e9xito en la gesti\u00f3n oportuna de todas las solicitudes espec\u00edficas del cliente durante el proceso de establecimiento<\/p>\n<p>[\/et_pb_blurb][\/et_pb_column][\/et_pb_row][\/et_pb_section][et_pb_section fb_built=&#8221;1&#8243; _builder_version=&#8221;4.27.2&#8243; _module_preset=&#8221;default&#8221; background_color=&#8221;#F2F2F2&#8243; locked=&#8221;off&#8221; global_colors_info=&#8221;{}&#8221;][et_pb_row _builder_version=&#8221;4.27.2&#8243; _module_preset=&#8221;default&#8221; global_colors_info=&#8221;{}&#8221;][et_pb_column type=&#8221;4_4&#8243; _builder_version=&#8221;4.27.2&#8243; _module_preset=&#8221;default&#8221; global_colors_info=&#8221;{}&#8221;][et_pb_text _builder_version=&#8221;4.27.3&#8243; _module_preset=&#8221;default&#8221; global_colors_info=&#8221;{}&#8221;]<\/p>\n<h2>Consideraciones Futuras<\/h2>\n<p>[\/et_pb_text][\/et_pb_column][\/et_pb_row][et_pb_row column_structure=&#8221;1_2,1_2&#8243; _builder_version=&#8221;4.27.2&#8243; _module_preset=&#8221;default&#8221; global_colors_info=&#8221;{}&#8221;][et_pb_column type=&#8221;1_2&#8243; _builder_version=&#8221;4.27.2&#8243; _module_preset=&#8221;default&#8221; global_colors_info=&#8221;{}&#8221;][et_pb_text _builder_version=&#8221;4.27.3&#8243; _module_preset=&#8221;default&#8221; global_colors_info=&#8221;{}&#8221;]<\/p>\n<p class=\"p1\"><b>Contabilidad\/IVA:<\/b>\u00a0<\/p>\n<p>Contabilidad seg\u00fan las normas aplicables en Suiza y declaraciones trimestrales de IVA.<\/p>\n<p>[\/et_pb_text][\/et_pb_column][et_pb_column type=&#8221;1_2&#8243; _builder_version=&#8221;4.27.2&#8243; _module_preset=&#8221;default&#8221; global_colors_info=&#8221;{}&#8221;][et_pb_text _builder_version=&#8221;4.27.3&#8243; _module_preset=&#8221;default&#8221; locked=&#8221;off&#8221; global_colors_info=&#8221;{}&#8221;]<\/p>\n<p class=\"p1\"><b>Fiscalidad:<\/b>\u00a0<\/p>\n<p>Impuesto sobre la renta corporativa (ICC\/IFD), impuesto sobre el capital, impuesto anticipado, impuesto de timbre y dividendos.<\/p>\n<p>[\/et_pb_text][\/et_pb_column][\/et_pb_row][\/et_pb_section][et_pb_section fb_built=&#8221;1&#8243; _builder_version=&#8221;4.27.3&#8243; _module_preset=&#8221;default&#8221; background_enable_color=&#8221;off&#8221; locked=&#8221;off&#8221; global_colors_info=&#8221;{}&#8221;][et_pb_row _builder_version=&#8221;4.27.2&#8243; _module_preset=&#8221;default&#8221; global_colors_info=&#8221;{}&#8221;][et_pb_column type=&#8221;4_4&#8243; _builder_version=&#8221;4.27.2&#8243; _module_preset=&#8221;default&#8221; global_colors_info=&#8221;{}&#8221;][et_pb_text _builder_version=&#8221;4.27.3&#8243; _module_preset=&#8221;default&#8221; header_2_font=&#8221;||||||||&#8221; header_2_text_color=&#8221;#000000&#8243; header_2_font_size=&#8221;32px&#8221; global_colors_info=&#8221;{}&#8221;]<\/p>\n<h2>Leer nuestros otros estudios de caso<\/h2>\n<p>[\/et_pb_text][\/et_pb_column][\/et_pb_row][et_pb_row column_structure=&#8221;1_2,1_2&#8243; _builder_version=&#8221;4.27.3&#8243; _module_preset=&#8221;default&#8221; global_colors_info=&#8221;{}&#8221;][et_pb_column type=&#8221;1_2&#8243; _builder_version=&#8221;4.27.3&#8243; _module_preset=&#8221;default&#8221; background_enable_color=&#8221;off&#8221; background_image=&#8221;https:\/\/my-swiss-company.com\/wp-content\/uploads\/2024\/12\/img_etude_de_cas_restructuration_entreprise-min.jpg&#8221; custom_padding=&#8221;23%|5%|6%|5%|false|true&#8221; global_colors_info=&#8221;{}&#8221;][et_pb_text _builder_version=&#8221;4.27.3&#8243; _module_preset=&#8221;default&#8221; text_text_color=&#8221;#FFFFFF&#8221; header_3_text_color=&#8221;#FFFFFF&#8221; header_3_font_size=&#8221;24px&#8221; custom_padding=&#8221;||||false|false&#8221; locked=&#8221;off&#8221; global_colors_info=&#8221;{}&#8221;]<\/p>\n<h3><strong>Reestructuraci\u00f3n Empresarial<br \/>\nEmpresa Matriz Holding y Filiales en Suiza<br \/>\n<\/strong><\/h3>\n<p class=\"p1\">Creaci\u00f3n de una holding y filiales en Suiza, reestructuraci\u00f3n empresarial, asesor\u00eda legal y fiscal<\/p>\n<p>[\/et_pb_text][et_pb_button button_url=&#8221;@ET-DC@eyJkeW5hbWljIjp0cnVlLCJjb250ZW50IjoicG9zdF9saW5rX3VybF9wcm9qZWN0Iiwic2V0dGluZ3MiOnsicG9zdF9pZCI6Ijc1MDcifX0=@&#8221; button_text=&#8221;LEER M\u00c1S&#8221; _builder_version=&#8221;4.27.3&#8243; _dynamic_attributes=&#8221;button_url&#8221; _module_preset=&#8221;default&#8221; custom_button=&#8221;on&#8221; button_text_size=&#8221;18px&#8221; button_text_color=&#8221;#FFFFFF&#8221; button_border_width=&#8221;2px&#8221; button_border_radius=&#8221;0px&#8221; button_font=&#8221;|700|||||||&#8221; button_border_width_last_edited=&#8221;off|desktop&#8221; global_colors_info=&#8221;{}&#8221; button_text_color__hover_enabled=&#8221;on|desktop&#8221; button_text_color__hover=&#8221;#000000&#8243; button_bg_color__hover_enabled=&#8221;on|hover&#8221; button_bg_color__hover=&#8221;#FFFFFF&#8221; button_bg_enable_color__hover=&#8221;on&#8221; button_border_width__hover_enabled=&#8221;on|desktop&#8221; button_border_width__hover=&#8221;2px&#8221; button_border_color__hover_enabled=&#8221;on|hover&#8221; button_border_color__hover=&#8221;#FFFFFF&#8221;][\/et_pb_button][\/et_pb_column][et_pb_column type=&#8221;1_2&#8243; _builder_version=&#8221;4.27.3&#8243; _module_preset=&#8221;default&#8221; background_enable_color=&#8221;off&#8221; background_image=&#8221;https:\/\/my-swiss-company.com\/wp-content\/uploads\/2024\/12\/img_etude_de_cas_swiss_group-min.jpg&#8221; custom_padding=&#8221;23%|5%|115px|5%|false|true&#8221; global_colors_info=&#8221;{}&#8221;][et_pb_text _builder_version=&#8221;4.27.3&#8243; _module_preset=&#8221;default&#8221; text_text_color=&#8221;#FFFFFF&#8221; header_3_text_color=&#8221;#FFFFFF&#8221; header_3_font_size=&#8221;24px&#8221; custom_padding=&#8221;||||false|false&#8221; locked=&#8221;off&#8221; global_colors_info=&#8221;{}&#8221;]<\/p>\n<h3><strong>A Swiss Group SA<\/strong><\/h3>\n<p class=\"p1\">Mandato de director fiduciario para un residente en Suiza y domiciliaci\u00f3n de empresas en Suiza<\/p>\n<p>[\/et_pb_text][et_pb_button button_url=&#8221;@ET-DC@eyJkeW5hbWljIjp0cnVlLCJjb250ZW50IjoicG9zdF9saW5rX3VybF9wcm9qZWN0Iiwic2V0dGluZ3MiOnsicG9zdF9pZCI6IjI4NCJ9fQ==@&#8221; button_text=&#8221;LEER M\u00c1S&#8221; _builder_version=&#8221;4.27.3&#8243; _dynamic_attributes=&#8221;button_url&#8221; _module_preset=&#8221;default&#8221; custom_button=&#8221;on&#8221; button_text_size=&#8221;18px&#8221; button_text_color=&#8221;#FFFFFF&#8221; button_border_width=&#8221;2px&#8221; button_border_radius=&#8221;0px&#8221; button_font=&#8221;|700|||||||&#8221; hover_enabled=&#8221;0&#8243; button_border_width_last_edited=&#8221;off|desktop&#8221; global_colors_info=&#8221;{}&#8221; button_text_color__hover_enabled=&#8221;on|desktop&#8221; button_text_color__hover=&#8221;#000000&#8243; button_bg_color__hover_enabled=&#8221;on|hover&#8221; button_bg_color__hover=&#8221;#FFFFFF&#8221; button_bg_enable_color__hover=&#8221;on&#8221; button_border_width__hover_enabled=&#8221;on|desktop&#8221; button_border_width__hover=&#8221;2px&#8221; button_border_color__hover_enabled=&#8221;on|hover&#8221; button_border_color__hover=&#8221;#FFFFFF&#8221; sticky_enabled=&#8221;0&#8243;][\/et_pb_button][\/et_pb_column][\/et_pb_row][\/et_pb_section]<\/p>\n","protected":false},"excerpt":{"rendered":"<p>Approach People Recruitment SAESTUDIO DE CASO:\u00a0Creaci\u00f3n de una Filial (SA\/AG) en Suiza y Mandato Administrativo y Contable Integral.Alcance del ProyectoMandato administrativo integral para permitir al empresario establecer una presencia en Suiza.Servicio de constituci\u00f3n de empresa, permisos de trabajo y mandato administrativo integralServicios de director suizoServicios de direcci\u00f3n registradaIVA, Contabilidad, N\u00f3minaC\u00f3mo un Empresario Extranjero se Benefici\u00f3 [&hellip;]<\/p>\n","protected":false},"author":3,"featured_media":3880,"comment_status":"open","ping_status":"closed","template":"","meta":{"_et_pb_use_builder":"on","_et_pb_old_content":"","_et_gb_content_width":"","inline_featured_image":false,"footnotes":""},"project_category":[],"project_tag":[],"class_list":["post-7479","project","type-project","status-publish","has-post-thumbnail","hentry"],"_links":{"self":[{"href":"https:\/\/my-swiss-company.com\/es\/wp-json\/wp\/v2\/project\/7479","targetHints":{"allow":["GET"]}}],"collection":[{"href":"https:\/\/my-swiss-company.com\/es\/wp-json\/wp\/v2\/project"}],"about":[{"href":"https:\/\/my-swiss-company.com\/es\/wp-json\/wp\/v2\/types\/project"}],"author":[{"embeddable":true,"href":"https:\/\/my-swiss-company.com\/es\/wp-json\/wp\/v2\/users\/3"}],"replies":[{"embeddable":true,"href":"https:\/\/my-swiss-company.com\/es\/wp-json\/wp\/v2\/comments?post=7479"}],"version-history":[{"count":0,"href":"https:\/\/my-swiss-company.com\/es\/wp-json\/wp\/v2\/project\/7479\/revisions"}],"wp:featuredmedia":[{"embeddable":true,"href":"https:\/\/my-swiss-company.com\/es\/wp-json\/wp\/v2\/media\/3880"}],"wp:attachment":[{"href":"https:\/\/my-swiss-company.com\/es\/wp-json\/wp\/v2\/media?parent=7479"}],"wp:term":[{"taxonomy":"project_category","embeddable":true,"href":"https:\/\/my-swiss-company.com\/es\/wp-json\/wp\/v2\/project_category?post=7479"},{"taxonomy":"project_tag","embeddable":true,"href":"https:\/\/my-swiss-company.com\/es\/wp-json\/wp\/v2\/project_tag?post=7479"}],"curies":[{"name":"wp","href":"https:\/\/api.w.org\/{rel}","templated":true}]}}